{"id":8,"date":"2017-04-10T13:02:49","date_gmt":"2017-04-10T10:02:49","guid":{"rendered":"http:\/\/www.nicdarkthemes.com\/themes\/charity\/wp\/demo\/charity\/?page_id=8"},"modified":"2017-04-10T13:02:49","modified_gmt":"2017-04-10T10:02:49","slug":"hakkimizda","status":"publish","type":"page","link":"https:\/\/anvtrust.org\/tr\/hakkimizda\/","title":{"rendered":"HAKKIMIZDA"},"content":{"rendered":"<p>[vc_row][vc_column css=&#8221;.vc_custom_1467360650255{margin-top: 10px !important;margin-bottom: 10px !important;padding-top: 0px !important;padding-right: 40px !important;}&#8221;]<div style=\"background-color:; height: 10px;\" class=\"nicdark_section  \"><\/div> <h1 style=\"color:#727475; padding:px; text-align:; font-size:40px; line-height:50px; letter-spacing: px; font-weight:bold;\" class=\"  nd_options_text_align_center_responsive_important nd_options_first_font \">HAKKIMIZDA<\/h1> [\/vc_column][\/vc_row][vc_row][vc_column width=&#8221;1\/2&#8243; css=&#8221;.vc_custom_1467360650255{margin-top: 10px !important;margin-bottom: 10px !important;padding-top: 0px !important;padding-right: 40px !important;}&#8221;]<div style=\"background-color:; height: 15px;\" class=\"nicdark_section  \"><\/div>[vc_column_text el_class=&#8221;nd_options_text_align_center_responsive&#8221;]Afrika Mill\u00ee G\u00f6r\u00fc\u015f Vakf\u0131 (African National Viev Trust ANV), 1998 Y\u0131l\u0131nda G\u00fcney Afrika Cumhuriyeti\u2019nin Johannesburg \u015fehrinde resmi olarak kurulmu\u015f ve faaliyetlerine ba\u015flam\u0131\u015ft\u0131r.[\/vc_column_text]<div style=\"background-color:; height: 15px;\" class=\"nicdark_section  \"><\/div>[vc_column_text el_class=&#8221;nd_options_text_align_center_responsive&#8221;]Ba\u015fta T\u00fcrkiye\u2019deki \u00d6\u011frencilerimiz olmak \u00fczere Di\u011fer \u00dclkelerden G\u00fcney Afrika\u2019ya gelen M\u00fcsl\u00fcman \u00f6\u011frencilerin Yabanc\u0131 dil e\u011fitimlerini ve Akademik \u00e7al\u0131\u015fmalar\u0131n\u0131 desteklemektir. Bu kapsamda Bar\u0131nma ve Dan\u0131\u015fmanl\u0131k hizmeti verilmektedir. Ayr\u0131ca Vakf\u0131m\u0131z Dan\u0131\u015fmanl\u0131k hizmetlerinin yan\u0131nda Yurtlar\u0131m\u0131zda kalan \u00f6\u011frencilerimizi bursland\u0131rmaktad\u0131r.[\/vc_column_text][\/vc_column][vc_column width=&#8221;1\/2&#8243; css=&#8221;.vc_custom_1467207292391{margin-top: 10px !important;margin-bottom: 10px !important;padding-top: 0px !important;}&#8221;]<div style=\"background-color:; height: 15px;\" class=\"nicdark_section  \"><\/div>[vc_column_text el_class=&#8221;nd_options_text_align_center_responsive&#8221;]Vakf\u0131m\u0131z iki ba\u015fl\u0131k alt\u0131nda hizmet vermektedir. Birincisi e\u011fitim ikincisi ise insani yard\u0131m ba\u015fl\u0131klar\u0131 ad\u0131 alt\u0131nda ger\u00e7ekle\u015ftirdi\u011fi hizmetlerdir.[\/vc_column_text]<div style=\"background-color:; height: 45px;\" class=\"nicdark_section  \"><\/div>[vc_column_text el_class=&#8221;nd_options_text_align_center_responsive&#8221;]G\u00fcney Afrika genelinde Ramazan ve Kurban Bayram\u0131 da dahil olmak \u00fczere y\u0131l\u0131n her d\u00f6neminde yard\u0131ma muhta\u00e7 aileler i\u00e7in faaliyetler de ger\u00e7ekle\u015ftirmektedir. Vakf\u0131m\u0131z\u0131n amac\u0131m\u0131z gen\u00e7lerimizin \u015fuur ve liyakat ile in\u015fa edebilece\u011fi adil ve ya\u015fanabilir d\u00fcnya hedeflerine ula\u015fabilmesine yard\u0131mc\u0131 olmakt\u0131r.[\/vc_column_text][\/vc_column][\/vc_row]<\/p>\n","protected":false},"excerpt":{"rendered":"<p>[vc_row][vc_column css=&#8221;.vc_custom_1467360650255{margin-top: 10px !important;margin-bottom: 10px !important;padding-top: 0px !important;padding-right: 40px !important;}&#8221;][\/vc_column][\/vc_row][vc_row][vc_column width=&#8221;1\/2&#8243; css=&#8221;.vc_custom_1467360650255{margin-top: 10px !important;margin-bottom: 10px !important;padding-top: 0px !important;padding-right: 40px !important;}&#8221;][vc_column_text el_class=&#8221;nd_options_text_align_center_responsive&#8221;]Afrika Mill\u00ee G\u00f6r\u00fc\u015f Vakf\u0131 (African National Viev Trust ANV), 1998 Y\u0131l\u0131nda G\u00fcney Afrika Cumhuriyeti\u2019nin Johannesburg \u015fehrinde resmi olarak kurulmu\u015f ve faaliyetlerine ba\u015flam\u0131\u015ft\u0131r.[\/vc_column_text][vc_column_text el_class=&#8221;nd_options_text_align_center_responsive&#8221;]Ba\u015fta T\u00fcrkiye\u2019deki \u00d6\u011frencilerimiz olmak \u00fczere Di\u011fer \u00dclkelerden G\u00fcney Afrika\u2019ya gelen M\u00fcsl\u00fcman \u00f6\u011frencilerin Yabanc\u0131 [&hellip;]<\/p>\n","protected":false},"author":1,"featured_media":0,"parent":0,"menu_order":2,"comment_status":"closed","ping_status":"closed","template":"","meta":[],"_links":{"self":[{"href":"https:\/\/anvtrust.org\/tr\/wp-json\/wp\/v2\/pages\/8"}],"collection":[{"href":"https:\/\/anvtrust.org\/tr\/wp-json\/wp\/v2\/pages"}],"about":[{"href":"https:\/\/anvtrust.org\/tr\/wp-json\/wp\/v2\/types\/page"}],"author":[{"embeddable":true,"href":"https:\/\/anvtrust.org\/tr\/wp-json\/wp\/v2\/users\/1"}],"replies":[{"embeddable":true,"href":"https:\/\/anvtrust.org\/tr\/wp-json\/wp\/v2\/comments?post=8"}],"version-history":[{"count":0,"href":"https:\/\/anvtrust.org\/tr\/wp-json\/wp\/v2\/pages\/8\/revisions"}],"wp:attachment":[{"href":"https:\/\/anvtrust.org\/tr\/wp-json\/wp\/v2\/media?parent=8"}],"curies":[{"name":"wp","href":"https:\/\/api.w.org\/{rel}","templated":true}]}}